{"id":9389,"date":"2023-08-03T16:34:44","date_gmt":"2023-08-03T15:34:44","guid":{"rendered":"https:\/\/labemacosmetics.com\/?post_type=product&#038;p=9389"},"modified":"2025-11-02T09:46:32","modified_gmt":"2025-11-02T08:46:32","slug":"faded-topicals-serum-eclaircissant-anti-taches-brunes-50ml","status":"publish","type":"product","link":"https:\/\/labemacosmetics.com\/en\/product\/faded-topicals-serum-eclaircissant-anti-taches-brunes-50ml\/","title":{"rendered":"Faded Topicals S\u00e9rum \u00c9claircissant Anti-taches Brunes 50ml"},"content":{"rendered":"<p>Faded Topicals S\u00e9rum \u00e9claircissant est con\u00e7u pour traiter en toute s\u00e9curit\u00e9 les probl\u00e8mes de pigmentation et r\u00e9duire visiblement les marques tenaces de d\u00e9coloration, les cicatrices post-boutons et les taches, adapt\u00e9 \u00e0 toutes les ethnies et nuances de peau. Avec une utilisation quotidienne douce, ce s\u00e9rum offre des r\u00e9sultats visibles en seulement deux semaines.<\/p>\n<p>D\u00e9couvrez Faded Topicals S\u00e9rum, une solution efficace pour une peau radieuse. La formule est sp\u00e9cialement con\u00e7ue pour am\u00e9liorer l&rsquo;apparence des probl\u00e8mes de pigmentation, des taches solaires, des cicatrices et des marques post-acn\u00e9. Gr\u00e2ce \u00e0 sa composition unique, ce s\u00e9rum est adapt\u00e9 \u00e0 tous les types de peau et est particuli\u00e8rement b\u00e9n\u00e9fique pour les peaux \u00e0 tendance grasse.<\/p>\n<p>Le s\u00e9rum est compos\u00e9 de Niacinamide, Acide tranx\u00e9namique, Acide Kojic, Acide Az\u00e9laique, Alpha- Arbutin qui sont d&rsquo;excellents actifs contre l&rsquo;hyperpigementation.<\/p>\n<p>D\u00e9couvrez Faded Topicals S\u00e9rum pour une peau \u00e9clatante et unifi\u00e9e. La formule au pH \u00e9quilibr\u00e9 de 5,5 et v\u00e9g\u00e9talienne est exempte de parfums, PEGs, huiles min\u00e9rales, alcool et ingr\u00e9dients \u00e9thoxyl\u00e9s.<\/p>\n<h2>Utilisation Faded Topicals S\u00e9rum \u00c9claircissant<\/h2>\n<ul>\n<li>Appliquez une fine couche uniforme sur une peau nettoy\u00e9e et s\u00e8che avant l&rsquo;application de votre cr\u00e8me hydratante. Massez d\u00e9licatement jusqu&rsquo;\u00e0 absorption compl\u00e8te du s\u00e9rum.<\/li>\n<li>Commencez par une utilisation hebdomadaire, puis augmentez progressivement jusqu&rsquo;\u00e0 une utilisation quotidienne.<\/li>\n<li>Assurez-vous de vous prot\u00e9ger du soleil pendant la journ\u00e9e et d&rsquo;appliquer une cr\u00e8me hydratante en quantit\u00e9 suffisante lorsque vous utilisez le Faded topicals S\u00e9rum \u00e9claircissant.<\/li>\n<\/ul>\n<h2>Ingr\u00e9dients<\/h2>\n<p>Water\/Aqua\/Eau, Caprylic\/Capric Triglyceride, Glycerin, Niacinamide, Glyceryl Stearate, Tranexamic Acid, Butyrospermum Parkii (Shea) Butter, Simmondsia Chinensis (Jojoba) Seed Oil, Alpha-Arbutin,<\/p>\n<p>Behenyl Alcohol, Kojic Acid Dipalmitate, Gluthathione, Turmeric Butter, Ethylene Brassylate, Dimethylmethoxy Chromanyl Palmitate, Azelaic Acid, Glycyrrhiza Uralensis (Licorice) Root Extract,<\/p>\n<p>Melatonin, Phytic Acid, Squalane, Allantoin, Centella Asiatica Leaf Extract, Tocopherol, Arginine, Lecithin, Glycine Soja (Soybean) Sterols, Cetyl Palmitate, Ethylhexylglycerin, Sclerotium Gum, Zinc<\/p>\n<p>Ricinoleate, Cetearyl Alcohol, Sodium Lauroyl Sarcosinate, Tetrahydroxypropyl Ethylenediamine, Trisodium Ethylenediamine Disuccinate, Ceteareth-12, Ceteareth-20, Phenoxyethanol<\/p>","protected":false},"excerpt":{"rendered":"<p>Faded Topicals S\u00e9rum \u00e9claircissant est con\u00e7u pour traiter en toute s\u00e9curit\u00e9 les probl\u00e8mes de pigmentation et r\u00e9duire visiblement les marques tenaces de d\u00e9coloration, les cicatrices post-boutons et les taches, adapt\u00e9 \u00e0 toutes les ethnies et nuances de peau. Avec une utilisation quotidienne douce, ce s\u00e9rum offre des r\u00e9sultats visibles en seulement deux semaines.<\/p>","protected":false},"featured_media":9390,"comment_status":"open","ping_status":"closed","template":"","meta":{"om_disable_all_campaigns":false,"_mi_skip_tracking":false,"_monsterinsights_sitenote_active":false,"_monsterinsights_sitenote_note":"","_monsterinsights_sitenote_category":0},"product_brand":[],"product_cat":[127,1747,515,514,516,1745,128,1748,513],"product_tag":[],"class_list":{"0":"post-9389","1":"product","2":"type-product","3":"status-publish","4":"has-post-thumbnail","6":"product_cat-boutique","7":"product_cat-peaux-a-tendances-acneiques","8":"product_cat-peaux-mixtes-a-grasses","9":"product_cat-peaux-normales","10":"product_cat-peaux-seches","11":"product_cat-serums","12":"product_cat-soin-de-visage","13":"product_cat-soins-anti-taches","14":"product_cat-type-de-peau","15":"yith_product_brand-topicals","17":"first","18":"outofstock","19":"shipping-taxable","20":"purchasable","21":"product-type-simple"},"yoast_head":"<!-- This site is optimized with the Yoast SEO Premium plugin v20.8 (Yoast SEO v27.4) - https:\/\/yoast.com\/product\/yoast-seo-premium-wordpress\/ -->\n<title>Faded Topicals S\u00e9rum \u00c9claircissant Anti-taches Brunes 50ml - Dakar<\/title>\n<meta name=\"description\" content=\"Faded Topicals S\u00e9rum \u00e9claircissant est con\u00e7u pour traiter en toute s\u00e9curit\u00e9 les probl\u00e8mes de pigmentation et r\u00e9duire visiblement les taches tenaces\" \/>\n<meta name=\"robots\" content=\"index, follow, max-snippet:-1, max-image-preview:large, max-video-preview:-1\" \/>\n<link rel=\"canonical\" href=\"https:\/\/labemacosmetics.com\/en\/product\/faded-topicals-serum-eclaircissant-anti-taches-brunes-50ml\/\" \/>\n<meta property=\"og:locale\" content=\"en_GB\" \/>\n<meta property=\"og:type\" content=\"article\" \/>\n<meta property=\"og:title\" content=\"Faded Topicals S\u00e9rum \u00c9claircissant Anti-taches Brunes 50ml\" \/>\n<meta property=\"og:description\" content=\"Faded Topicals S\u00e9rum \u00e9claircissant est con\u00e7u pour traiter en toute s\u00e9curit\u00e9 les probl\u00e8mes de pigmentation et r\u00e9duire visiblement les taches tenaces\" \/>\n<meta property=\"og:url\" content=\"https:\/\/labemacosmetics.com\/en\/product\/faded-topicals-serum-eclaircissant-anti-taches-brunes-50ml\/\" \/>\n<meta property=\"og:site_name\" content=\"Lab&eacute;ma Cosmetics\" \/>\n<meta property=\"article:publisher\" content=\"http:\/\/www.facebook.com\/labemacosmetics\" \/>\n<meta property=\"article:modified_time\" content=\"2025-11-02T08:46:32+00:00\" \/>\n<meta property=\"og:image\" content=\"https:\/\/labemacosmetics.com\/wp-content\/uploads\/2023\/08\/Faded-topicals1.png\" \/>\n\t<meta property=\"og:image:width\" content=\"600\" \/>\n\t<meta property=\"og:image:height\" content=\"600\" \/>\n\t<meta property=\"og:image:type\" content=\"image\/png\" \/>\n<meta name=\"twitter:card\" content=\"summary_large_image\" \/>\n<meta name=\"twitter:site\" content=\"@Labemasn\" \/>\n<meta name=\"twitter:label1\" content=\"Price\" \/>\n\t<meta name=\"twitter:data1\" content=\"36 000&nbsp;CFA\" \/>\n\t<meta name=\"twitter:label2\" content=\"Availability\" \/>\n\t<meta name=\"twitter:data2\" content=\"Out of stock\" \/>\n<script type=\"application\/ld+json\" class=\"yoast-schema-graph\">{\"@context\":\"https:\\\/\\\/schema.org\",\"@graph\":[{\"@type\":\"WebPage\",\"@id\":\"https:\\\/\\\/labemacosmetics.com\\\/produit\\\/faded-topicals-serum-eclaircissant-anti-taches-brunes-50ml\\\/\",\"url\":\"https:\\\/\\\/labemacosmetics.com\\\/produit\\\/faded-topicals-serum-eclaircissant-anti-taches-brunes-50ml\\\/\",\"name\":\"Faded Topicals S\u00e9rum \u00c9claircissant Anti-taches Brunes 50ml - Dakar\",\"isPartOf\":{\"@id\":\"https:\\\/\\\/labemacosmetics.com\\\/#website\"},\"primaryImageOfPage\":{\"@id\":\"https:\\\/\\\/labemacosmetics.com\\\/produit\\\/faded-topicals-serum-eclaircissant-anti-taches-brunes-50ml\\\/#primaryimage\"},\"image\":{\"@id\":\"https:\\\/\\\/labemacosmetics.com\\\/produit\\\/faded-topicals-serum-eclaircissant-anti-taches-brunes-50ml\\\/#primaryimage\"},\"thumbnailUrl\":\"https:\\\/\\\/labemacosmetics.com\\\/wp-content\\\/uploads\\\/2023\\\/08\\\/Faded-topicals1.png\",\"datePublished\":\"2023-08-03T15:34:44+00:00\",\"dateModified\":\"2025-11-02T08:46:32+00:00\",\"description\":\"Faded Topicals S\u00e9rum \u00e9claircissant est con\u00e7u pour traiter en toute s\u00e9curit\u00e9 les probl\u00e8mes de pigmentation et r\u00e9duire visiblement les taches tenaces\",\"breadcrumb\":{\"@id\":\"https:\\\/\\\/labemacosmetics.com\\\/produit\\\/faded-topicals-serum-eclaircissant-anti-taches-brunes-50ml\\\/#breadcrumb\"},\"inLanguage\":\"en-GB\",\"potentialAction\":[{\"@type\":\"ReadAction\",\"target\":[\"https:\\\/\\\/labemacosmetics.com\\\/produit\\\/faded-topicals-serum-eclaircissant-anti-taches-brunes-50ml\\\/\"]}]},{\"@type\":\"ImageObject\",\"inLanguage\":\"en-GB\",\"@id\":\"https:\\\/\\\/labemacosmetics.com\\\/produit\\\/faded-topicals-serum-eclaircissant-anti-taches-brunes-50ml\\\/#primaryimage\",\"url\":\"https:\\\/\\\/labemacosmetics.com\\\/wp-content\\\/uploads\\\/2023\\\/08\\\/Faded-topicals1.png\",\"contentUrl\":\"https:\\\/\\\/labemacosmetics.com\\\/wp-content\\\/uploads\\\/2023\\\/08\\\/Faded-topicals1.png\",\"width\":600,\"height\":600,\"caption\":\"Faded Topicals S\u00e9rum \u00e9claircissant\"},{\"@type\":\"BreadcrumbList\",\"@id\":\"https:\\\/\\\/labemacosmetics.com\\\/produit\\\/faded-topicals-serum-eclaircissant-anti-taches-brunes-50ml\\\/#breadcrumb\",\"itemListElement\":[{\"@type\":\"ListItem\",\"position\":1,\"name\":\"Accueil\",\"item\":\"https:\\\/\\\/labemacosmetics.com\\\/\"},{\"@type\":\"ListItem\",\"position\":2,\"name\":\"Produits\",\"item\":\"https:\\\/\\\/labemacosmetics.com\\\/shop\\\/\"},{\"@type\":\"ListItem\",\"position\":3,\"name\":\"Faded Topicals S\u00e9rum \u00c9claircissant Anti-taches Brunes 50ml\"}]},{\"@type\":\"WebSite\",\"@id\":\"https:\\\/\\\/labemacosmetics.com\\\/#website\",\"url\":\"https:\\\/\\\/labemacosmetics.com\\\/\",\"name\":\"Lab&eacute;ma Cosmetics\",\"description\":\"\",\"potentialAction\":[{\"@type\":\"SearchAction\",\"target\":{\"@type\":\"EntryPoint\",\"urlTemplate\":\"https:\\\/\\\/labemacosmetics.com\\\/?s={search_term_string}\"},\"query-input\":{\"@type\":\"PropertyValueSpecification\",\"valueRequired\":true,\"valueName\":\"search_term_string\"}}],\"inLanguage\":\"en-GB\"}]}<\/script>\n<meta property=\"product:brand\" content=\"Topicals\" \/>\n<meta property=\"product:price:amount\" content=\"36000\" \/>\n<meta property=\"product:price:currency\" content=\"XOF\" \/>\n<meta property=\"og:availability\" content=\"out of stock\" \/>\n<meta property=\"product:availability\" content=\"out of stock\" \/>\n<meta property=\"product:condition\" content=\"new\" \/>\n<!-- \/ Yoast SEO Premium plugin. -->","yoast_head_json":{"title":"Faded Topicals S\u00e9rum \u00c9claircissant Anti-taches Brunes 50ml - Dakar","description":"Faded Topicals S\u00e9rum \u00e9claircissant est con\u00e7u pour traiter en toute s\u00e9curit\u00e9 les probl\u00e8mes de pigmentation et r\u00e9duire visiblement les taches tenaces","robots":{"index":"index","follow":"follow","max-snippet":"max-snippet:-1","max-image-preview":"max-image-preview:large","max-video-preview":"max-video-preview:-1"},"canonical":"https:\/\/labemacosmetics.com\/en\/product\/faded-topicals-serum-eclaircissant-anti-taches-brunes-50ml\/","og_locale":"en_GB","og_type":"article","og_title":"Faded Topicals S\u00e9rum \u00c9claircissant Anti-taches Brunes 50ml","og_description":"Faded Topicals S\u00e9rum \u00e9claircissant est con\u00e7u pour traiter en toute s\u00e9curit\u00e9 les probl\u00e8mes de pigmentation et r\u00e9duire visiblement les taches tenaces","og_url":"https:\/\/labemacosmetics.com\/en\/product\/faded-topicals-serum-eclaircissant-anti-taches-brunes-50ml\/","og_site_name":"Lab&eacute;ma Cosmetics","article_publisher":"http:\/\/www.facebook.com\/labemacosmetics","article_modified_time":"2025-11-02T08:46:32+00:00","og_image":[{"width":600,"height":600,"url":"https:\/\/labemacosmetics.com\/wp-content\/uploads\/2023\/08\/Faded-topicals1.png","type":"image\/png"}],"twitter_card":"summary_large_image","twitter_site":"@Labemasn","twitter_misc":{"Price":"36 000&nbsp;CFA","Availability":"Out of stock"},"schema":{"@context":"https:\/\/schema.org","@graph":[{"@type":"WebPage","@id":"https:\/\/labemacosmetics.com\/produit\/faded-topicals-serum-eclaircissant-anti-taches-brunes-50ml\/","url":"https:\/\/labemacosmetics.com\/produit\/faded-topicals-serum-eclaircissant-anti-taches-brunes-50ml\/","name":"Faded Topicals S\u00e9rum \u00c9claircissant Anti-taches Brunes 50ml - Dakar","isPartOf":{"@id":"https:\/\/labemacosmetics.com\/#website"},"primaryImageOfPage":{"@id":"https:\/\/labemacosmetics.com\/produit\/faded-topicals-serum-eclaircissant-anti-taches-brunes-50ml\/#primaryimage"},"image":{"@id":"https:\/\/labemacosmetics.com\/produit\/faded-topicals-serum-eclaircissant-anti-taches-brunes-50ml\/#primaryimage"},"thumbnailUrl":"https:\/\/labemacosmetics.com\/wp-content\/uploads\/2023\/08\/Faded-topicals1.png","datePublished":"2023-08-03T15:34:44+00:00","dateModified":"2025-11-02T08:46:32+00:00","description":"Faded Topicals S\u00e9rum \u00e9claircissant est con\u00e7u pour traiter en toute s\u00e9curit\u00e9 les probl\u00e8mes de pigmentation et r\u00e9duire visiblement les taches tenaces","breadcrumb":{"@id":"https:\/\/labemacosmetics.com\/produit\/faded-topicals-serum-eclaircissant-anti-taches-brunes-50ml\/#breadcrumb"},"inLanguage":"en-GB","potentialAction":[{"@type":"ReadAction","target":["https:\/\/labemacosmetics.com\/produit\/faded-topicals-serum-eclaircissant-anti-taches-brunes-50ml\/"]}]},{"@type":"ImageObject","inLanguage":"en-GB","@id":"https:\/\/labemacosmetics.com\/produit\/faded-topicals-serum-eclaircissant-anti-taches-brunes-50ml\/#primaryimage","url":"https:\/\/labemacosmetics.com\/wp-content\/uploads\/2023\/08\/Faded-topicals1.png","contentUrl":"https:\/\/labemacosmetics.com\/wp-content\/uploads\/2023\/08\/Faded-topicals1.png","width":600,"height":600,"caption":"Faded Topicals S\u00e9rum \u00e9claircissant"},{"@type":"BreadcrumbList","@id":"https:\/\/labemacosmetics.com\/produit\/faded-topicals-serum-eclaircissant-anti-taches-brunes-50ml\/#breadcrumb","itemListElement":[{"@type":"ListItem","position":1,"name":"Accueil","item":"https:\/\/labemacosmetics.com\/"},{"@type":"ListItem","position":2,"name":"Produits","item":"https:\/\/labemacosmetics.com\/shop\/"},{"@type":"ListItem","position":3,"name":"Faded Topicals S\u00e9rum \u00c9claircissant Anti-taches Brunes 50ml"}]},{"@type":"WebSite","@id":"https:\/\/labemacosmetics.com\/#website","url":"https:\/\/labemacosmetics.com\/","name":"Lab&eacute;ma Cosmetics","description":"","potentialAction":[{"@type":"SearchAction","target":{"@type":"EntryPoint","urlTemplate":"https:\/\/labemacosmetics.com\/?s={search_term_string}"},"query-input":{"@type":"PropertyValueSpecification","valueRequired":true,"valueName":"search_term_string"}}],"inLanguage":"en-GB"}]},"product_brand":"Topicals","product_price_amount":"36000","product_price_currency":"XOF","og_availability":"out of stock","product_availability":"out of stock","product_condition":"new"},"_links":{"self":[{"href":"https:\/\/labemacosmetics.com\/en\/wp-json\/wp\/v2\/product\/9389","targetHints":{"allow":["GET"]}}],"collection":[{"href":"https:\/\/labemacosmetics.com\/en\/wp-json\/wp\/v2\/product"}],"about":[{"href":"https:\/\/labemacosmetics.com\/en\/wp-json\/wp\/v2\/types\/product"}],"replies":[{"embeddable":true,"href":"https:\/\/labemacosmetics.com\/en\/wp-json\/wp\/v2\/comments?post=9389"}],"version-history":[{"count":1,"href":"https:\/\/labemacosmetics.com\/en\/wp-json\/wp\/v2\/product\/9389\/revisions"}],"predecessor-version":[{"id":9394,"href":"https:\/\/labemacosmetics.com\/en\/wp-json\/wp\/v2\/product\/9389\/revisions\/9394"}],"wp:featuredmedia":[{"embeddable":true,"href":"https:\/\/labemacosmetics.com\/en\/wp-json\/wp\/v2\/media\/9390"}],"wp:attachment":[{"href":"https:\/\/labemacosmetics.com\/en\/wp-json\/wp\/v2\/media?parent=9389"}],"wp:term":[{"taxonomy":"product_brand","embeddable":true,"href":"https:\/\/labemacosmetics.com\/en\/wp-json\/wp\/v2\/product_brand?post=9389"},{"taxonomy":"product_cat","embeddable":true,"href":"https:\/\/labemacosmetics.com\/en\/wp-json\/wp\/v2\/product_cat?post=9389"},{"taxonomy":"product_tag","embeddable":true,"href":"https:\/\/labemacosmetics.com\/en\/wp-json\/wp\/v2\/product_tag?post=9389"}],"curies":[{"name":"wp","href":"https:\/\/api.w.org\/{rel}","templated":true}]}}