{"id":5248,"date":"2017-02-26T02:57:04","date_gmt":"2017-02-26T01:57:04","guid":{"rendered":"https:\/\/labemacosmetics.com\/shop\/all-categories\/maquillage\/baume-levres-karite\/"},"modified":"2023-09-26T11:06:45","modified_gmt":"2023-09-26T10:06:45","slug":"baume-a-levres-karite-de-yves-rocher","status":"publish","type":"product","link":"https:\/\/labemacosmetics.com\/en\/product\/baume-a-levres-karite-de-yves-rocher\/","title":{"rendered":"Yves Rocher Baume \u00e0 L\u00e8vres"},"content":{"rendered":"<blockquote>\n<h3><strong>Baume \u00e0 L\u00e8vres de <a href=\"\/en\/product-brands\/all-brands\/yves-rocher\/\">Yves Rocher<\/a><\/strong><\/h3>\n<\/blockquote>\n<p>Baume \u00e0 L\u00e8vres Karit\u00e9 de Yves Rocher , sa texture onctueuse au beurre de <b>Karit\u00e9<\/b> r\u00e9pare et apaise vos l\u00e8vres ab\u00eem\u00e9es, pour une sensation de confort imm\u00e9diat. Ainsi le Beurre de Karit\u00e9 a \u00e9t\u00e9 s\u00e9lectionn\u00e9 par la recherche Yves Rocher pour ses vertus nutritives et r\u00e9paratrices exceptionnelles. Il apaise les peaux tr\u00e8s s\u00e8ches et leur redonne un confort imm\u00e9diat. Alors le Karit\u00e9 de la gamme Expert R\u00e9paration est issu d\u2019une fili\u00e8re bio-\u00e9quitable et de production durable d&rsquo;Afrique de l&rsquo;Ouest.Sa formule fait la part belle aux ingr\u00e9dients naturels avec 82% d&rsquo;ingr\u00e9dients d&rsquo;origine naturelle.<br \/>\nNe contient ni paraben ni silicone.<\/p>\n<div id=\"titlediv\">\n<div class=\"inside\">\n<div id=\"edit-slug-box\" class=\"hide-if-no-js\"><\/div>\n<\/div>\n<\/div>\n<div id=\"postdivrich\" class=\"postarea wp-editor-expand\">\n<div id=\"wp-content-wrap\" class=\"wp-core-ui wp-editor-wrap tmce-active has-dfw\">\n<div id=\"wp-content-editor-tools\" class=\"wp-editor-tools hide-if-no-js\">\n<div id=\"wp-content-media-buttons\" class=\"wp-media-buttons\"><\/div>\n<\/div>\n<\/div>\n<\/div>\n<div class=\"wp-editor-tabs\"><\/div>","protected":false},"excerpt":{"rendered":"<p><strong>Baume \u00e0 L\u00e8vres Karit\u00e9 de Yves Rocher<\/strong><\/p>\n<p>Sa texture onctueuse au beurre de <b>Karit\u00e9<\/b> r\u00e9pare et apaise vos l\u00e8vres ab\u00eem\u00e9es, pour une sensation de confort imm\u00e9diat.<\/p>\n<p>Le Beurre de Karit\u00e9 a \u00e9t\u00e9 s\u00e9lectionn\u00e9 par la recherche Yves Rocher pour ses vertus nutritives et r\u00e9paratrices exceptionnelles<\/p>","protected":false},"featured_media":5916,"comment_status":"closed","ping_status":"closed","template":"","meta":{"om_disable_all_campaigns":false,"_mi_skip_tracking":false,"_monsterinsights_sitenote_active":false,"_monsterinsights_sitenote_note":"","_monsterinsights_sitenote_category":0},"product_brand":[],"product_cat":[1746,127,512,128],"product_tag":[165,166,264,269,270,265,187,266,271,267,235,142,155,268],"class_list":{"0":"post-5248","1":"product","2":"type-product","3":"status-publish","4":"has-post-thumbnail","6":"product_cat-baume-a-levres","7":"product_cat-boutique","8":"product_cat-produits-par-besoin","9":"product_cat-soin-de-visage","10":"product_tag-beaute","11":"product_tag-beauty","12":"product_tag-belle","13":"product_tag-blush","14":"product_tag-contouring","15":"product_tag-eclat","16":"product_tag-mat","17":"product_tag-matifiant","18":"product_tag-pinceaux","19":"product_tag-sans-traces","20":"product_tag-sourcil","21":"product_tag-teint","22":"product_tag-visage","23":"product_tag-zero-defaut","24":"yith_product_brand-yves-rocher","26":"first","27":"outofstock","28":"sale","29":"shipping-taxable","30":"purchasable","31":"product-type-variable"},"yoast_head":"<!-- This site is optimized with the Yoast SEO Premium plugin v20.8 (Yoast SEO v27.4) - https:\/\/yoast.com\/product\/yoast-seo-premium-wordpress\/ -->\n<title>Baume \u00e0 L\u00e8vres Karit\u00e9 de Yves Rocher - LABEMA<\/title>\n<meta name=\"description\" content=\"Baume \u00e0 L\u00e8vres Karit\u00e9 de Yves Rocher. Sa texture onctueuse au beurre de Karit\u00e9 r\u00e9pare et apaise vos l\u00e8vres ab\u00eem\u00e9es\" \/>\n<meta name=\"robots\" content=\"index, follow, max-snippet:-1, max-image-preview:large, max-video-preview:-1\" \/>\n<link rel=\"canonical\" href=\"https:\/\/labemacosmetics.com\/en\/product\/baume-a-levres-karite-de-yves-rocher\/\" \/>\n<meta property=\"og:locale\" content=\"en_GB\" \/>\n<meta property=\"og:type\" content=\"article\" \/>\n<meta property=\"og:title\" content=\"Yves Rocher Baume \u00e0 L\u00e8vres\" \/>\n<meta property=\"og:description\" content=\"Baume \u00e0 L\u00e8vres Karit\u00e9 de Yves Rocher. Sa texture onctueuse au beurre de Karit\u00e9 r\u00e9pare et apaise vos l\u00e8vres ab\u00eem\u00e9es\" \/>\n<meta property=\"og:url\" content=\"https:\/\/labemacosmetics.com\/en\/product\/baume-a-levres-karite-de-yves-rocher\/\" \/>\n<meta property=\"og:site_name\" content=\"Lab&eacute;ma Cosmetics\" \/>\n<meta property=\"article:publisher\" content=\"http:\/\/www.facebook.com\/labemacosmetics\" \/>\n<meta property=\"article:modified_time\" content=\"2023-09-26T10:06:45+00:00\" \/>\n<meta property=\"og:image\" content=\"https:\/\/labemacosmetics.com\/wp-content\/uploads\/2017\/02\/Baume_Levres_Karite.png\" \/>\n\t<meta property=\"og:image:width\" content=\"600\" \/>\n\t<meta property=\"og:image:height\" content=\"726\" \/>\n\t<meta property=\"og:image:type\" content=\"image\/png\" \/>\n<meta name=\"twitter:card\" content=\"summary_large_image\" \/>\n<meta name=\"twitter:site\" content=\"@Labemasn\" \/>\n<meta name=\"twitter:label1\" content=\"Availability\" \/>\n\t<meta name=\"twitter:data1\" content=\"Out of stock\" \/>\n<script type=\"application\/ld+json\" class=\"yoast-schema-graph\">{\"@context\":\"https:\\\/\\\/schema.org\",\"@graph\":[{\"@type\":\"WebPage\",\"@id\":\"https:\\\/\\\/labemacosmetics.com\\\/produit\\\/baume-a-levres-karite-de-yves-rocher\\\/\",\"url\":\"https:\\\/\\\/labemacosmetics.com\\\/produit\\\/baume-a-levres-karite-de-yves-rocher\\\/\",\"name\":\"Baume \u00e0 L\u00e8vres Karit\u00e9 de Yves Rocher - LABEMA\",\"isPartOf\":{\"@id\":\"https:\\\/\\\/labemacosmetics.com\\\/#website\"},\"primaryImageOfPage\":{\"@id\":\"https:\\\/\\\/labemacosmetics.com\\\/produit\\\/baume-a-levres-karite-de-yves-rocher\\\/#primaryimage\"},\"image\":{\"@id\":\"https:\\\/\\\/labemacosmetics.com\\\/produit\\\/baume-a-levres-karite-de-yves-rocher\\\/#primaryimage\"},\"thumbnailUrl\":\"https:\\\/\\\/labemacosmetics.com\\\/wp-content\\\/uploads\\\/2017\\\/02\\\/Baume_Levres_Karite.png\",\"datePublished\":\"2017-02-26T01:57:04+00:00\",\"dateModified\":\"2023-09-26T10:06:45+00:00\",\"description\":\"Baume \u00e0 L\u00e8vres Karit\u00e9 de Yves Rocher. Sa texture onctueuse au beurre de Karit\u00e9 r\u00e9pare et apaise vos l\u00e8vres ab\u00eem\u00e9es\",\"breadcrumb\":{\"@id\":\"https:\\\/\\\/labemacosmetics.com\\\/produit\\\/baume-a-levres-karite-de-yves-rocher\\\/#breadcrumb\"},\"inLanguage\":\"en-GB\",\"potentialAction\":[{\"@type\":\"ReadAction\",\"target\":[\"https:\\\/\\\/labemacosmetics.com\\\/produit\\\/baume-a-levres-karite-de-yves-rocher\\\/\"]}]},{\"@type\":\"ImageObject\",\"inLanguage\":\"en-GB\",\"@id\":\"https:\\\/\\\/labemacosmetics.com\\\/produit\\\/baume-a-levres-karite-de-yves-rocher\\\/#primaryimage\",\"url\":\"https:\\\/\\\/labemacosmetics.com\\\/wp-content\\\/uploads\\\/2017\\\/02\\\/Baume_Levres_Karite.png\",\"contentUrl\":\"https:\\\/\\\/labemacosmetics.com\\\/wp-content\\\/uploads\\\/2017\\\/02\\\/Baume_Levres_Karite.png\",\"width\":600,\"height\":726,\"caption\":\"Baume levres yves rocher\"},{\"@type\":\"BreadcrumbList\",\"@id\":\"https:\\\/\\\/labemacosmetics.com\\\/produit\\\/baume-a-levres-karite-de-yves-rocher\\\/#breadcrumb\",\"itemListElement\":[{\"@type\":\"ListItem\",\"position\":1,\"name\":\"Accueil\",\"item\":\"https:\\\/\\\/labemacosmetics.com\\\/\"},{\"@type\":\"ListItem\",\"position\":2,\"name\":\"Produits\",\"item\":\"https:\\\/\\\/labemacosmetics.com\\\/shop\\\/\"},{\"@type\":\"ListItem\",\"position\":3,\"name\":\"Yves Rocher Baume \u00e0 L\u00e8vres\"}]},{\"@type\":\"WebSite\",\"@id\":\"https:\\\/\\\/labemacosmetics.com\\\/#website\",\"url\":\"https:\\\/\\\/labemacosmetics.com\\\/\",\"name\":\"Lab&eacute;ma Cosmetics\",\"description\":\"\",\"potentialAction\":[{\"@type\":\"SearchAction\",\"target\":{\"@type\":\"EntryPoint\",\"urlTemplate\":\"https:\\\/\\\/labemacosmetics.com\\\/?s={search_term_string}\"},\"query-input\":{\"@type\":\"PropertyValueSpecification\",\"valueRequired\":true,\"valueName\":\"search_term_string\"}}],\"inLanguage\":\"en-GB\"}]}<\/script>\n<meta property=\"product:brand\" content=\"Yves Rocher\" \/>\n<meta property=\"og:availability\" content=\"out of stock\" \/>\n<meta property=\"product:availability\" content=\"out of stock\" \/>\n<meta property=\"product:condition\" content=\"new\" \/>\n<!-- \/ Yoast SEO Premium plugin. -->","yoast_head_json":{"title":"Baume \u00e0 L\u00e8vres Karit\u00e9 de Yves Rocher - LABEMA","description":"Baume \u00e0 L\u00e8vres Karit\u00e9 de Yves Rocher. Sa texture onctueuse au beurre de Karit\u00e9 r\u00e9pare et apaise vos l\u00e8vres ab\u00eem\u00e9es","robots":{"index":"index","follow":"follow","max-snippet":"max-snippet:-1","max-image-preview":"max-image-preview:large","max-video-preview":"max-video-preview:-1"},"canonical":"https:\/\/labemacosmetics.com\/en\/product\/baume-a-levres-karite-de-yves-rocher\/","og_locale":"en_GB","og_type":"article","og_title":"Yves Rocher Baume \u00e0 L\u00e8vres","og_description":"Baume \u00e0 L\u00e8vres Karit\u00e9 de Yves Rocher. Sa texture onctueuse au beurre de Karit\u00e9 r\u00e9pare et apaise vos l\u00e8vres ab\u00eem\u00e9es","og_url":"https:\/\/labemacosmetics.com\/en\/product\/baume-a-levres-karite-de-yves-rocher\/","og_site_name":"Lab&eacute;ma Cosmetics","article_publisher":"http:\/\/www.facebook.com\/labemacosmetics","article_modified_time":"2023-09-26T10:06:45+00:00","og_image":[{"width":600,"height":726,"url":"https:\/\/labemacosmetics.com\/wp-content\/uploads\/2017\/02\/Baume_Levres_Karite.png","type":"image\/png"}],"twitter_card":"summary_large_image","twitter_site":"@Labemasn","twitter_misc":{"Availability":"Out of stock"},"schema":{"@context":"https:\/\/schema.org","@graph":[{"@type":"WebPage","@id":"https:\/\/labemacosmetics.com\/produit\/baume-a-levres-karite-de-yves-rocher\/","url":"https:\/\/labemacosmetics.com\/produit\/baume-a-levres-karite-de-yves-rocher\/","name":"Baume \u00e0 L\u00e8vres Karit\u00e9 de Yves Rocher - LABEMA","isPartOf":{"@id":"https:\/\/labemacosmetics.com\/#website"},"primaryImageOfPage":{"@id":"https:\/\/labemacosmetics.com\/produit\/baume-a-levres-karite-de-yves-rocher\/#primaryimage"},"image":{"@id":"https:\/\/labemacosmetics.com\/produit\/baume-a-levres-karite-de-yves-rocher\/#primaryimage"},"thumbnailUrl":"https:\/\/labemacosmetics.com\/wp-content\/uploads\/2017\/02\/Baume_Levres_Karite.png","datePublished":"2017-02-26T01:57:04+00:00","dateModified":"2023-09-26T10:06:45+00:00","description":"Baume \u00e0 L\u00e8vres Karit\u00e9 de Yves Rocher. Sa texture onctueuse au beurre de Karit\u00e9 r\u00e9pare et apaise vos l\u00e8vres ab\u00eem\u00e9es","breadcrumb":{"@id":"https:\/\/labemacosmetics.com\/produit\/baume-a-levres-karite-de-yves-rocher\/#breadcrumb"},"inLanguage":"en-GB","potentialAction":[{"@type":"ReadAction","target":["https:\/\/labemacosmetics.com\/produit\/baume-a-levres-karite-de-yves-rocher\/"]}]},{"@type":"ImageObject","inLanguage":"en-GB","@id":"https:\/\/labemacosmetics.com\/produit\/baume-a-levres-karite-de-yves-rocher\/#primaryimage","url":"https:\/\/labemacosmetics.com\/wp-content\/uploads\/2017\/02\/Baume_Levres_Karite.png","contentUrl":"https:\/\/labemacosmetics.com\/wp-content\/uploads\/2017\/02\/Baume_Levres_Karite.png","width":600,"height":726,"caption":"Baume levres yves rocher"},{"@type":"BreadcrumbList","@id":"https:\/\/labemacosmetics.com\/produit\/baume-a-levres-karite-de-yves-rocher\/#breadcrumb","itemListElement":[{"@type":"ListItem","position":1,"name":"Accueil","item":"https:\/\/labemacosmetics.com\/"},{"@type":"ListItem","position":2,"name":"Produits","item":"https:\/\/labemacosmetics.com\/shop\/"},{"@type":"ListItem","position":3,"name":"Yves Rocher Baume \u00e0 L\u00e8vres"}]},{"@type":"WebSite","@id":"https:\/\/labemacosmetics.com\/#website","url":"https:\/\/labemacosmetics.com\/","name":"Lab&eacute;ma Cosmetics","description":"","potentialAction":[{"@type":"SearchAction","target":{"@type":"EntryPoint","urlTemplate":"https:\/\/labemacosmetics.com\/?s={search_term_string}"},"query-input":{"@type":"PropertyValueSpecification","valueRequired":true,"valueName":"search_term_string"}}],"inLanguage":"en-GB"}]},"product_brand":"Yves Rocher","og_availability":"out of stock","product_availability":"out of stock","product_condition":"new"},"_links":{"self":[{"href":"https:\/\/labemacosmetics.com\/en\/wp-json\/wp\/v2\/product\/5248","targetHints":{"allow":["GET"]}}],"collection":[{"href":"https:\/\/labemacosmetics.com\/en\/wp-json\/wp\/v2\/product"}],"about":[{"href":"https:\/\/labemacosmetics.com\/en\/wp-json\/wp\/v2\/types\/product"}],"replies":[{"embeddable":true,"href":"https:\/\/labemacosmetics.com\/en\/wp-json\/wp\/v2\/comments?post=5248"}],"version-history":[{"count":0,"href":"https:\/\/labemacosmetics.com\/en\/wp-json\/wp\/v2\/product\/5248\/revisions"}],"wp:featuredmedia":[{"embeddable":true,"href":"https:\/\/labemacosmetics.com\/en\/wp-json\/wp\/v2\/media\/5916"}],"wp:attachment":[{"href":"https:\/\/labemacosmetics.com\/en\/wp-json\/wp\/v2\/media?parent=5248"}],"wp:term":[{"taxonomy":"product_brand","embeddable":true,"href":"https:\/\/labemacosmetics.com\/en\/wp-json\/wp\/v2\/product_brand?post=5248"},{"taxonomy":"product_cat","embeddable":true,"href":"https:\/\/labemacosmetics.com\/en\/wp-json\/wp\/v2\/product_cat?post=5248"},{"taxonomy":"product_tag","embeddable":true,"href":"https:\/\/labemacosmetics.com\/en\/wp-json\/wp\/v2\/product_tag?post=5248"}],"curies":[{"name":"wp","href":"https:\/\/api.w.org\/{rel}","templated":true}]}}