{"id":8128,"date":"2023-05-19T11:54:12","date_gmt":"2023-05-19T10:54:12","guid":{"rendered":"https:\/\/labemacosmetics.com\/?page_id=8128"},"modified":"2023-05-22T21:37:19","modified_gmt":"2023-05-22T20:37:19","slug":"conditions-generales-de-vente","status":"publish","type":"page","link":"https:\/\/labemacosmetics.com\/en\/conditions-generales-de-vente\/","title":{"rendered":"Conditions G\u00e9n\u00e9rales de Vente"},"content":{"rendered":"<div data-elementor-type=\"wp-page\" data-elementor-id=\"8128\" class=\"elementor elementor-8128\" data-elementor-post-type=\"page\">\n\t\t\t\t<div class=\"elementor-element elementor-element-5aae587 e-con-full e-flex e-con e-parent\" data-id=\"5aae587\" data-element_type=\"container\" data-e-type=\"container\" data-settings=\"{&quot;background_background&quot;:&quot;gradient&quot;}\">\n\t\t<div class=\"elementor-element elementor-element-67227b8 e-flex e-con-boxed e-con e-parent\" data-id=\"67227b8\" data-element_type=\"container\" data-e-type=\"container\">\n\t\t\t\t\t<div class=\"e-con-inner\">\n\t\t\t\t<div class=\"elementor-element elementor-element-6c8112a elementor-widget elementor-widget-heading\" data-id=\"6c8112a\" data-element_type=\"widget\" data-e-type=\"widget\" data-widget_type=\"heading.default\">\n\t\t\t\t<div class=\"elementor-widget-container\">\n\t\t\t\t\t<h1 class=\"elementor-heading-title elementor-size-default\">Conditions G\u00e9n\u00e9rales de Vente<\/h1>\t\t\t\t<\/div>\n\t\t\t\t<\/div>\n\t\t\t\t\t<\/div>\n\t\t\t\t<\/div>\n\t\t\t\t<\/div>\n\t\t<div class=\"elementor-element elementor-element-fd7002b e-flex e-con-boxed e-con e-parent\" data-id=\"fd7002b\" data-element_type=\"container\" data-e-type=\"container\">\n\t\t\t\t\t<div class=\"e-con-inner\">\n\t\t\t\t<div class=\"elementor-element elementor-element-c1110c5 elementor-widget elementor-widget-heading\" data-id=\"c1110c5\" data-element_type=\"widget\" data-e-type=\"widget\" data-widget_type=\"heading.default\">\n\t\t\t\t<div class=\"elementor-widget-container\">\n\t\t\t\t\t<h2 class=\"elementor-heading-title elementor-size-default\">Article 1 \u2013 Objet<\/h2>\t\t\t\t<\/div>\n\t\t\t\t<\/div>\n\t\t\t\t\t<\/div>\n\t\t\t\t<\/div>\n\t\t<div class=\"elementor-element elementor-element-3658282 e-flex e-con-boxed e-con e-parent\" data-id=\"3658282\" data-element_type=\"container\" data-e-type=\"container\">\n\t\t\t\t\t<div class=\"e-con-inner\">\n\t\t\t\t<div class=\"elementor-element elementor-element-e1d04be elementor-widget elementor-widget-text-editor\" data-id=\"e1d04be\" data-element_type=\"widget\" data-e-type=\"widget\" data-widget_type=\"text-editor.default\">\n\t\t\t\t<div class=\"elementor-widget-container\">\n\t\t\t\t\t\t\t\t\t<p><span style=\"font-weight: 400;\">Les pr\u00e9sentes conditions g\u00e9n\u00e9rales de vente ont pour objet, d\u2019une part, d\u2019informer tout \u00e9ventuel consommateur sur les conditions et modalit\u00e9s dans lesquelles le vendeur (<\/span><b>Lab\u00e9ma Cosmetics <\/b><span style=\"font-weight: 400;\">) proc\u00e8de \u00e0 la vente et \u00e0 la livraison des produits command\u00e9s et, d\u2019autre part, de d\u00e9finir les droits et obligations des parties dans le cadre de la vente de produits par <\/span><b>Lab\u00e9ma Cosmetics <\/b><span style=\"font-weight: 400;\">\u00a0au consommateur (l\u2019Acheteur). Elles s\u2019appliquent, sans restriction ni r\u00e9serves, \u00e0 l\u2019ensemble des ventes, des produits propos\u00e9s par Lab\u00e9ma Cosmetics sur son site Internet <\/span><a href=\"https:\/\/labemacosmetics.com\/en\/\"><span style=\"font-weight: 400;\">https:\/\/labemacosmetics.com<\/span><\/a><span style=\"font-weight: 400;\">\u00a0<\/span><\/p><p><span style=\"font-weight: 400;\">En cons\u00e9quence, le fait pour toute personne de commander un produit propos\u00e9 \u00e0 la vente sur le Site Internet de <\/span><b>Lab\u00e9ma Cosmetics <\/b><span style=\"font-weight: 400;\">emporte acceptation pleine et enti\u00e8re des pr\u00e9sentes conditions g\u00e9n\u00e9rales de vente dont l\u2019Acheteur reconna\u00eet avoir pris connaissance pr\u00e9alablement \u00e0 sa commande.<\/span><\/p><p><span style=\"font-weight: 400;\">Les produits sont propos\u00e9s \u00e0 la vente et \u00e0 la livraison sur tout le territoire s\u00e9n\u00e9galais : Dakar et toutes les r\u00e9gions du S\u00e9n\u00e9gal.\u00a0<\/span><\/p><p><span style=\"font-weight: 400;\">Aux fins des pr\u00e9sentes Conditions G\u00e9n\u00e9rales de Vente, l\u2019Acheteur et <\/span><b>Lab\u00e9ma Cosmetics <\/b><span style=\"font-weight: 400;\">ont individuellement ou collectivement d\u00e9sign\u00e9s la Partie ou les Parties.<\/span><\/p><p><span style=\"font-weight: 400;\">L\u2019Acheteur pr\u00e9alablement \u00e0 sa commande, d\u00e9clare que :<\/span><\/p><ul><li style=\"font-weight: 400;\" aria-level=\"1\"><span style=\"font-weight: 400;\">l\u2019achat de produits sur le Site Internet de <\/span><b>Lab\u00e9ma <\/b><span style=\"font-weight: 400;\">est sans rapport direct avec une activit\u00e9 professionnelle et est limit\u00e9 \u00e0 une utilisation strictement personnelle ; sauf accord pr\u00e9alable demand\u00e9 aupr\u00e8s des dirigeants de la soci\u00e9t\u00e9.<\/span><\/li><li style=\"font-weight: 400;\" aria-level=\"1\"><span style=\"font-weight: 400;\">avoir la pleine capacit\u00e9 juridique, lui permettant de s\u2019engager au titre des pr\u00e9sentes conditions g\u00e9n\u00e9rales de vente.<\/span><\/li><\/ul><p><span style=\"font-weight: 400;\">Toute commande ne correspondant manifestement pas \u00e0 une vente au d\u00e9tail et, plus g\u00e9n\u00e9ralement, toute commande frauduleuse ou pr\u00e9sum\u00e9e comme telle, sera consid\u00e9r\u00e9e par <\/span><b>Lab\u00e9ma Cosmetics <\/b><span style=\"font-weight: 400;\">\u00a0comme nulle et non avenue.<\/span><\/p><p><b>Lab\u00e9ma Cosmetics <\/b><span style=\"font-weight: 400;\">\u00a0se r\u00e9serve la possibilit\u00e9 de modifier \u00e0 tout moment les pr\u00e9sentes conditions g\u00e9n\u00e9rales de vente.<\/span><\/p><p><span style=\"font-weight: 400;\">N\u00e9anmoins, les Conditions G\u00e9n\u00e9rales de Vente applicables \u00e0 la commande pass\u00e9e par un Acheteur sur le Site de <\/span><b>Lab\u00e9ma Cosmetics <\/b><span style=\"font-weight: 400;\">\u00a0sont celles accept\u00e9es par l\u2019Acheteur au moment de la passation d\u2019une telle commande.\u00a0<\/span><\/p>\t\t\t\t\t\t\t\t<\/div>\n\t\t\t\t<\/div>\n\t\t\t\t\t<\/div>\n\t\t\t\t<\/div>\n\t\t<div class=\"elementor-element elementor-element-6b37e99 e-flex e-con-boxed e-con e-parent\" data-id=\"6b37e99\" data-element_type=\"container\" data-e-type=\"container\">\n\t\t\t\t\t<div class=\"e-con-inner\">\n\t\t\t\t<div class=\"elementor-element elementor-element-36745c9 elementor-widget elementor-widget-heading\" data-id=\"36745c9\" data-element_type=\"widget\" data-e-type=\"widget\" data-widget_type=\"heading.default\">\n\t\t\t\t<div class=\"elementor-widget-container\">\n\t\t\t\t\t<h2 class=\"elementor-heading-title elementor-size-default\">Article 2 \u2013 Identit\u00e9 de la Soci\u00e9t\u00e9<\/h2>\t\t\t\t<\/div>\n\t\t\t\t<\/div>\n\t\t\t\t\t<\/div>\n\t\t\t\t<\/div>\n\t\t<div class=\"elementor-element elementor-element-98881ea e-flex e-con-boxed e-con e-parent\" data-id=\"98881ea\" data-element_type=\"container\" data-e-type=\"container\">\n\t\t\t\t\t<div class=\"e-con-inner\">\n\t\t\t\t<div class=\"elementor-element elementor-element-d4c1a68 elementor-widget elementor-widget-text-editor\" data-id=\"d4c1a68\" data-element_type=\"widget\" data-e-type=\"widget\" data-widget_type=\"text-editor.default\">\n\t\t\t\t<div class=\"elementor-widget-container\">\n\t\t\t\t\t\t\t\t\t<p><span style=\"font-weight: 400;\">Nom: <\/span><b>LABEMA <\/b><span style=\"font-weight: 400;\">\u00a0<\/span><\/p><p><b>Adresse : Dakar\/S\u00e9n\u00e9gal<\/b><b><br \/><\/b><b>NINEA : 009033333<\/b><b><br \/><\/b><b>Email :<\/b><a href=\"mailto:contact@labemacosmetics.com\"><b>contact@labemacosmetics.com<\/b><\/a><\/p><p><b>T\u00e9l\u00e9phone: +221 77 167 10 35<\/b><\/p>\t\t\t\t\t\t\t\t<\/div>\n\t\t\t\t<\/div>\n\t\t\t\t\t<\/div>\n\t\t\t\t<\/div>\n\t\t<div class=\"elementor-element elementor-element-9137ef9 e-flex e-con-boxed e-con e-parent\" data-id=\"9137ef9\" data-element_type=\"container\" data-e-type=\"container\">\n\t\t\t\t\t<div class=\"e-con-inner\">\n\t\t\t\t<div class=\"elementor-element elementor-element-b9ad9b4 elementor-widget elementor-widget-heading\" data-id=\"b9ad9b4\" data-element_type=\"widget\" data-e-type=\"widget\" data-widget_type=\"heading.default\">\n\t\t\t\t<div class=\"elementor-widget-container\">\n\t\t\t\t\t<h2 class=\"elementor-heading-title elementor-size-default\">Article 3 \u2013 Formation du contrat et commandes<\/h2>\t\t\t\t<\/div>\n\t\t\t\t<\/div>\n\t\t\t\t\t<\/div>\n\t\t\t\t<\/div>\n\t\t<div class=\"elementor-element elementor-element-066e2f3 e-flex e-con-boxed e-con e-parent\" data-id=\"066e2f3\" data-element_type=\"container\" data-e-type=\"container\">\n\t\t\t\t\t<div class=\"e-con-inner\">\n\t\t\t\t<div class=\"elementor-element elementor-element-a975c87 elementor-widget elementor-widget-text-editor\" data-id=\"a975c87\" data-element_type=\"widget\" data-e-type=\"widget\" data-widget_type=\"text-editor.default\">\n\t\t\t\t<div class=\"elementor-widget-container\">\n\t\t\t\t\t\t\t\t\t<h3><b>3.1 Tarifs<\/b><\/h3><p><span style=\"font-weight: 400;\">Les prix de vente des produits en ligne sur le Site Internet de <\/span><b>Lab\u00e9ma Cosmetics<\/b><span style=\"font-weight: 400;\">, indiqu\u00e9s toutes taxes comprises et en francs CFA, sont ceux en vigueur au moment de l\u2019enregistrement du bon de commande par l\u2019Acheteur.<\/span><\/p><p><span style=\"font-weight: 400;\">Les prix de vente des produits peuvent \u00eatre modifi\u00e9s par <\/span><b>Lab\u00e9ma Cosmetics<\/b><span style=\"font-weight: 400;\"> \u00e0 tout moment. Ils ne comprennent pas les frais de livraison, factur\u00e9s en suppl\u00e9ment du prix des produits achet\u00e9s suivant la zone de livraison.\u00a0<\/span><\/p><p><span style=\"font-weight: 400;\">Les frais de livraison seront indiqu\u00e9s avant l\u2019enregistrement de la commande par l&rsquo;acheteur.<\/span><\/p><h3><b>3.2 Caract\u00e9ristiques des produits<\/b><\/h3><p><span style=\"font-weight: 400;\">Conform\u00e9ment \u00e0 l\u2019article L. 111-1 du code de la consommation, l\u2019Acheteur peut, pr\u00e9alablement \u00e0 sa commande, prendre connaissance, sur le Site Internet de <\/span><b>Lab\u00e9ma Cosmetics<\/b><span style=\"font-weight: 400;\">, des caract\u00e9ristiques essentielles du ou des produit(s) qu\u2019il d\u00e9sire commander.<\/span><\/p><p><span style=\"font-weight: 400;\">L\u2019Acheteur peut s\u00e9lectionner un ou plusieurs produits parmi les diff\u00e9rentes cat\u00e9gories propos\u00e9es sur le Site Internet de <\/span><b>Lab\u00e9ma Cosmetics<\/b><span style=\"font-weight: 400;\">.<\/span><\/p><p><b>Lab\u00e9ma Cosmetics<\/b><span style=\"font-weight: 400;\"> est susceptible de modifier l\u2019assortiment de produits propos\u00e9s \u00e0 la vente sur son Site internet, en fonction notamment des contraintes li\u00e9es \u00e0 ses fournisseurs, sans pr\u00e9judice des commandes pass\u00e9es par l\u2019Acheteur.<\/span><\/p><h3><b>3.3 Commande<\/b><\/h3><p><span style=\"font-weight: 400;\">Toute commande suppose l\u2019adh\u00e9sion aux pr\u00e9sentes conditions g\u00e9n\u00e9rales de vente, sans pr\u00e9judice de conditions contractuelles particuli\u00e8res conclues entre les Parties.<\/span><\/p><p><span style=\"font-weight: 400;\">L\u2019Acheteur a la possibilit\u00e9 de v\u00e9rifier le d\u00e9tail de sa commande avant validation de celle-ci et de corriger d\u2019\u00e9ventuelles erreurs.<\/span><\/p><p><span style=\"font-weight: 400;\">A partir du moment o\u00f9 l\u2019Acheteur confirme sa commande en cliquant sur l\u2019ic\u00f4ne Valider, il est consid\u00e9r\u00e9 comme ayant accept\u00e9 en connaissance de cause les pr\u00e9sentes conditions g\u00e9n\u00e9rales de vente, les prix, volumes et quantit\u00e9s des produits propos\u00e9s \u00e0 la vente et command\u00e9s par l\u2019Acheteur.<\/span><\/p><p><span style=\"font-weight: 400;\">La commande valid\u00e9e par l\u2019Acheteur lui sera confirm\u00e9e par <\/span><b>Lab\u00e9ma Cosmetics<\/b><span style=\"font-weight: 400;\">. La commande sera indiqu\u00e9e comme termin\u00e9e lors de l\u2019entier paiement par l\u2019Acheteur que ce soit paiement \u00e0 livraison ou en ligne. La commande sera confirm\u00e9e \u00e0 l\u2019Acheteur par tout moyen appropri\u00e9 (la \u00ab <\/span><b>Confirmation de Commande<\/b><span style=\"font-weight: 400;\"> \u00bb).<\/span><\/p><p><span style=\"font-weight: 400;\">Plus aucune modification ne pourra \u00eatre effectu\u00e9e d\u00e8s lors que la commande aura \u00e9t\u00e9 valid\u00e9e et accus\u00e9e r\u00e9ceptionn\u00e9e par <\/span><b>Lab\u00e9ma Cosmetics<\/b><span style=\"font-weight: 400;\">. Toutefois en cas de constat d\u2019erreur dans les donn\u00e9es saisies par l\u2019Acheteur, celui-ci est invit\u00e9 \u00e0 en informer le Service Clients de <\/span><b>Lab\u00e9ma Cosmetics<\/b><span style=\"font-weight: 400;\"> par mail \u00e0 l\u2019adresse <\/span><a href=\"mailto:sales@labemacosmetics.com\"><b>sales@labemacosmetics.com<\/b><\/a><b>.\u00a0<\/b><\/p><p><b>Lab\u00e9ma Cosmetics<\/b><span style=\"font-weight: 400;\"> recommande \u00e0 l\u2019Acheteur de conserver les informations contenues dans la Confirmation de Commande envoy\u00e9e par <\/span><b>Lab\u00e9ma Cosmetics<\/b><span style=\"font-weight: 400;\"> sur un document papier ou support informatique.<\/span><\/p>\t\t\t\t\t\t\t\t<\/div>\n\t\t\t\t<\/div>\n\t\t\t\t\t<\/div>\n\t\t\t\t<\/div>\n\t\t<div class=\"elementor-element elementor-element-e3e58d8 e-flex e-con-boxed e-con e-parent\" data-id=\"e3e58d8\" data-element_type=\"container\" data-e-type=\"container\">\n\t\t\t\t\t<div class=\"e-con-inner\">\n\t\t\t\t<div class=\"elementor-element elementor-element-444d187 elementor-widget elementor-widget-heading\" data-id=\"444d187\" data-element_type=\"widget\" data-e-type=\"widget\" data-widget_type=\"heading.default\">\n\t\t\t\t<div class=\"elementor-widget-container\">\n\t\t\t\t\t<h2 class=\"elementor-heading-title elementor-size-default\">Article 4 \u2013 Paiement\n<\/h2>\t\t\t\t<\/div>\n\t\t\t\t<\/div>\n\t\t\t\t\t<\/div>\n\t\t\t\t<\/div>\n\t\t<div class=\"elementor-element elementor-element-92098fd e-flex e-con-boxed e-con e-parent\" data-id=\"92098fd\" data-element_type=\"container\" data-e-type=\"container\">\n\t\t\t\t\t<div class=\"e-con-inner\">\n\t\t\t\t<div class=\"elementor-element elementor-element-93c5692 elementor-widget elementor-widget-text-editor\" data-id=\"93c5692\" data-element_type=\"widget\" data-e-type=\"widget\" data-widget_type=\"text-editor.default\">\n\t\t\t\t<div class=\"elementor-widget-container\">\n\t\t\t\t\t\t\t\t\t<p><span style=\"font-weight: 400;\">Le paiement doit \u00eatre r\u00e9alis\u00e9 soit \u00e0 la livraison ou lors de la commande par nos diff\u00e9rents moyens de paiements propos\u00e9s. A aucun moment, les sommes vers\u00e9es ne pourront \u00eatre consid\u00e9r\u00e9es comme des arrhes ou des acomptes.<\/span><\/p><p><span style=\"font-weight: 400;\">Toutes les commandes sont payables en Francs CFA , toutes taxes et contributions obligatoires comprises. Pour r\u00e9gler sa commande, l\u2019Acheteur dispose de plusieurs modes de r\u00e8glement: <\/span><b>soit \u00e0 la livraison ou par moyens de paiement en ligne comme Carte, Orange Money, Wave.\u00a0<\/b><\/p><p><span style=\"font-weight: 400;\">Les paiements effectu\u00e9s par carte bancaire sont r\u00e9alis\u00e9s par le biais d\u2019un syst\u00e8me s\u00e9curis\u00e9.. Il utilise le protocole SSL (Secure Socket Layer) de telle sorte que les informations transmises sont crypt\u00e9es par un logiciel et qu\u2019aucun tiers ne peut en prendre connaissance au cours du transport sur le r\u00e9seau.<\/span><\/p><p><span style=\"font-weight: 400;\">En cas de paiement par carte bancaire, le compte de l\u2019acheteur sera d\u00e9bit\u00e9 le jour de sa commande.<\/span><\/p><p><span style=\"font-weight: 400;\">L\u2019Acheteur garantit \u00e0 <\/span><b>Lab\u00e9ma Cosmetics<\/b><span style=\"font-weight: 400;\"> qu\u2019il dispose des autorisations n\u00e9cessaires pour utiliser le mode de r\u00e8glement qu\u2019il aura choisi pour sa commande, lors de l\u2019enregistrement de son bon de commande.<\/span><\/p><p><b>Lab\u00e9ma Cosmetics<\/b><span style=\"font-weight: 400;\"> se r\u00e9serve le droit de suspendre ou d\u2019annuler toute ex\u00e9cution d\u2019une commande et\/ou livraison, quelle que soit sa nature et niveau d\u2019ex\u00e9cution, en cas de d\u00e9faut de paiement ou paiement partiel de toute somme qui serait due par l\u2019Acheteur, en cas d\u2019incident de paiement, ou en cas de fraude ou tentative de fraude relative \u00e0 l\u2019utilisation du Site Internet de <\/span><b>Lab\u00e9ma Cosmetics<\/b><span style=\"font-weight: 400;\">.<\/span><\/p><p><span style=\"font-weight: 400;\">La livraison de toute nouvelle commande pourra \u00eatre suspendue en cas de retard de paiement ou de paiement partiel d\u2019une pr\u00e9c\u00e9dente commande et ce nonobstant les dispositions des pr\u00e9sentes.<\/span><\/p><p><span style=\"font-weight: 400;\">Dans le cadre de la lutte contre les fraudes sur Internet, les informations relatives \u00e0 votre commande pourront \u00eatre transmises \u00e0 tout tiers habilit\u00e9 par la loi ou d\u00e9sign\u00e9 par <\/span><b>Lab\u00e9ma Cosmetics<\/b><span style=\"font-weight: 400;\"> aux seules fins de v\u00e9rification de l\u2019identification de l\u2019Acheteur, de la validit\u00e9 de la commande, du mode de r\u00e8glement utilis\u00e9 et de la livraison envisag\u00e9e.<\/span><\/p>\t\t\t\t\t\t\t\t<\/div>\n\t\t\t\t<\/div>\n\t\t\t\t\t<\/div>\n\t\t\t\t<\/div>\n\t\t<div class=\"elementor-element elementor-element-3cf1a5f e-flex e-con-boxed e-con e-parent\" data-id=\"3cf1a5f\" data-element_type=\"container\" data-e-type=\"container\">\n\t\t\t\t\t<div class=\"e-con-inner\">\n\t\t\t\t<div class=\"elementor-element elementor-element-9f07b89 elementor-widget elementor-widget-heading\" data-id=\"9f07b89\" data-element_type=\"widget\" data-e-type=\"widget\" data-widget_type=\"heading.default\">\n\t\t\t\t<div class=\"elementor-widget-container\">\n\t\t\t\t\t<h2 class=\"elementor-heading-title elementor-size-default\">Article 5 \u2013 Livraison et r\u00e9ception<\/h2>\t\t\t\t<\/div>\n\t\t\t\t<\/div>\n\t\t\t\t\t<\/div>\n\t\t\t\t<\/div>\n\t\t<div class=\"elementor-element elementor-element-9cd9a6a e-flex e-con-boxed e-con e-parent\" data-id=\"9cd9a6a\" data-element_type=\"container\" data-e-type=\"container\">\n\t\t\t\t\t<div class=\"e-con-inner\">\n\t\t\t\t<div class=\"elementor-element elementor-element-483c424 elementor-widget elementor-widget-text-editor\" data-id=\"483c424\" data-element_type=\"widget\" data-e-type=\"widget\" data-widget_type=\"text-editor.default\">\n\t\t\t\t<div class=\"elementor-widget-container\">\n\t\t\t\t\t\t\t\t\t<h3><b>5.1 Conditions de livraison<\/b><\/h3><p><span style=\"font-weight: 400;\">Les produits faisant l\u2019objet d\u2019une commande d\u00e9finitive de l\u2019Acheteur dans les conditions d\u00e9crites \u00e0 l\u2019article 3.3 ci-dessus seront livr\u00e9s \u00e0 l\u2019adresse indiqu\u00e9e par l\u2019Acheteur sur le bon de commande, uniquement au S\u00e9n\u00e9gal (Dakar et r\u00e9gions). Par d\u00e9faut, les factures d\u2019achat sont adress\u00e9es par courrier \u00e9lectronique \u00e0 l\u2019adresse e-mail indiqu\u00e9e par l\u2019Acheteur lors de son inscription sur le Site <\/span><b>Lab\u00e9ma Cosmetics. <\/b><span style=\"font-weight: 400;\">\u00a0Faute de respecter des conditions contractuelles d\u00e9crites ci-dessous, aucune r\u00e9clamation de l\u2019Acheteur ne sera accept\u00e9e.<\/span><\/p><p><span style=\"font-weight: 400;\">Suivant la zone de livraison indiqu\u00e9 par l\u2019Acheteur, un ou plusieurs mode(s) de livraison seront propos\u00e9s \u00e0 l\u2019Acheteur lors de la commande.<\/span><\/p><p><span style=\"font-weight: 400;\">Quel que soit le mode de livraison, l&rsquo;acheteur ou le destinataire des produits command\u00e9s est invit\u00e9 \u00e0 v\u00e9rifier l\u2019\u00e9tat apparent des produits \u00e0 la livraison.<\/span><\/p><p><b>\u00a05.2\u00a0 Anomalie de livraison<\/b><\/p><p><span style=\"font-weight: 400;\">Toute anomalie concernant la livraison (avarie, colis endommag\u00e9, produits cass\u00e9s\u2026) devra \u00eatre signal\u00e9e au Service Clients de <\/span><b>Lab\u00e9ma Cosmetics<\/b><span style=\"font-weight: 400;\">, dans les 2 jours suivants la livraison. Ce processus de notification d\u2019une anomalie de livraison n\u2019est pas exclusif du b\u00e9n\u00e9fice des garanties l\u00e9gales dont b\u00e9n\u00e9ficie l\u2019Acheteur (article 13).<\/span><\/p><p><span style=\"font-weight: 400;\">L\u2019Acheteur ou le destinataire de la Commande devra signaler l\u2019absence ou la d\u00e9gradation du produit aupr\u00e8s du Service Clients de <\/span><b>Lab\u00e9ma Cosmetics <\/b><span style=\"font-weight: 400;\">\u00a0\u00e0 contact@labemacosmetics.com, qui lui rappellera la proc\u00e9dure \u00e0 suivre, telle qu\u2019indiqu\u00e9e ci-apr\u00e8s pour pouvoir solliciter un remboursement ou un nouvel envoi des produits command\u00e9s.<\/span><\/p><p><span style=\"font-weight: 400;\">Le Service Clients de <\/span><b>Lab\u00e9ma Cosmetics<\/b><span style=\"font-weight: 400;\"> pourra demander toute information relative \u00e0 l\u2019identit\u00e9 de l\u2019Acheteur ou du destinataire, de la Commande et du colis pour proc\u00e9der \u00e0 toute v\u00e9rification utile, \u00e0 cette occasion et dans le but de r\u00e9pondre \u00e0 la r\u00e9clamation. Il est fortement recommand\u00e9 \u00e0 l\u2019Acheteur, s \u2018il note le moindre d\u00e9faut lors de la livraison, de formuler des r\u00e9serves sur le bon de livraison, de prendre des photos de l\u2019emballage (\u00e9tiquettes comprises) et des produits afin de pouvoir fournir \u00e0 <\/span><b>Lab\u00e9ma Cosmetics<\/b><span style=\"font-weight: 400;\">, les pi\u00e8ces n\u00e9cessaires \u00e0 l\u2019examen de sa r\u00e9clamation.<\/span><\/p><p><b>Lab\u00e9ma Cosmetics<\/b><span style=\"font-weight: 400;\"> prendra \u00e0 sa charge tous les frais de retour \/ r\u00e9exp\u00e9dition concernant une anomalie n\u00e9e ant\u00e9rieurement \u00e0 la prise de possession du produit et donc au transfert des risques au consommateur.<\/span><\/p><p><span style=\"font-weight: 400;\">Un d\u00e9dommagement, remboursement ou l\u2019\u00e9change du produit sera propos\u00e9 \u00e0 l\u2019Acheteur, en fonction de l\u2019anomalie constat\u00e9e.<\/span><\/p><h3><b>5.3 D\u00e9lais de livraison<\/b><\/h3><p><span style=\"font-weight: 400;\">Pour toute commande confirm\u00e9e du lundi au samedi (hors jours f\u00e9ri\u00e9s) avant 11h sur le Site internet de <\/span><b>Lab\u00e9ma Cosmetics<\/b><span style=\"font-weight: 400;\">, La pr\u00e9paration de la commande aura lieu le m\u00eame jour.\u00a0<\/span><\/p><p><span style=\"font-weight: 400;\">Apr\u00e8s pr\u00e9paration, les d\u00e9lais de livraison, de votre commande dans les conditions d\u00e9crites \u00e0 l\u2019article 3.3. ci-dessus, sont les suivants :<\/span><\/p><ul><li style=\"font-weight: 400;\" aria-level=\"1\"><span style=\"font-weight: 400;\">Livraison \u00e0 Dakar en moins de 24h,\u00a0<\/span><\/li><li style=\"font-weight: 400;\" aria-level=\"1\"><span style=\"font-weight: 400;\">Livraison dans les r\u00e9gions en 72h.<\/span><\/li><\/ul>\t\t\t\t\t\t\t\t<\/div>\n\t\t\t\t<\/div>\n\t\t\t\t\t<\/div>\n\t\t\t\t<\/div>\n\t\t<div class=\"elementor-element elementor-element-23a1ade e-flex e-con-boxed e-con e-parent\" data-id=\"23a1ade\" data-element_type=\"container\" data-e-type=\"container\">\n\t\t\t\t\t<div class=\"e-con-inner\">\n\t\t\t\t<div class=\"elementor-element elementor-element-83cb85a elementor-widget elementor-widget-heading\" data-id=\"83cb85a\" data-element_type=\"widget\" data-e-type=\"widget\" data-widget_type=\"heading.default\">\n\t\t\t\t<div class=\"elementor-widget-container\">\n\t\t\t\t\t<h2 class=\"elementor-heading-title elementor-size-default\">Article 6 \u2013 Droit et d\u00e9lai de r\u00e9tractation<\/h2>\t\t\t\t<\/div>\n\t\t\t\t<\/div>\n\t\t\t\t\t<\/div>\n\t\t\t\t<\/div>\n\t\t<div class=\"elementor-element elementor-element-698926b e-flex e-con-boxed e-con e-parent\" data-id=\"698926b\" data-element_type=\"container\" data-e-type=\"container\">\n\t\t\t\t\t<div class=\"e-con-inner\">\n\t\t\t\t<div class=\"elementor-element elementor-element-ec1d732 elementor-widget elementor-widget-text-editor\" data-id=\"ec1d732\" data-element_type=\"widget\" data-e-type=\"widget\" data-widget_type=\"text-editor.default\">\n\t\t\t\t<div class=\"elementor-widget-container\">\n\t\t\t\t\t\t\t\t\t<p><span style=\"font-weight: 400;\">Vous avez le droit de vous r\u00e9tracter du pr\u00e9sent contrat sans donner de motif dans un d\u00e9lai de sept jours seulement si le produit n\u2019a pas \u00e9t\u00e9 ouvert. Le d\u00e9lai de r\u00e9tractation expire sept jours apr\u00e8s le jour o\u00f9 vous-m\u00eame, ou un tiers autre que le transporteur et d\u00e9sign\u00e9 par vous, prend physiquement possession du bien. Dans l\u2019hypoth\u00e8se d\u2019une commande envoy\u00e9e sous plusieurs colis, le d\u00e9lai de r\u00e9tractation de la commande commence \u00e0 courir le jour suivant la r\u00e9ception du dernier produit de la commande.<\/span><\/p><p><span style=\"font-weight: 400;\">Pour exercer votre droit de r\u00e9tractation, vous devez nous notifier votre d\u00e9cision de r\u00e9tractation du pr\u00e9sent contrat au moyen d\u2019une d\u00e9claration d\u00e9nu\u00e9e d\u2019ambigu\u00eft\u00e9 sous la forme de votre choix\u00a0 \u00e0 l\u2019adresse mail <strong>contact@labemacosmetics.com<\/strong><\/span><\/p>\t\t\t\t\t\t\t\t<\/div>\n\t\t\t\t<\/div>\n\t\t\t\t\t<\/div>\n\t\t\t\t<\/div>\n\t\t<div class=\"elementor-element elementor-element-4fcb36e e-flex e-con-boxed e-con e-parent\" data-id=\"4fcb36e\" data-element_type=\"container\" data-e-type=\"container\">\n\t\t\t\t\t<div class=\"e-con-inner\">\n\t\t\t\t<div class=\"elementor-element elementor-element-fb787f4 elementor-widget elementor-widget-heading\" data-id=\"fb787f4\" data-element_type=\"widget\" data-e-type=\"widget\" data-widget_type=\"heading.default\">\n\t\t\t\t<div class=\"elementor-widget-container\">\n\t\t\t\t\t<h2 class=\"elementor-heading-title elementor-size-default\">Article 7 \u2013 Retour des produits<\/h2>\t\t\t\t<\/div>\n\t\t\t\t<\/div>\n\t\t\t\t\t<\/div>\n\t\t\t\t<\/div>\n\t\t<div class=\"elementor-element elementor-element-e89f412 e-flex e-con-boxed e-con e-parent\" data-id=\"e89f412\" data-element_type=\"container\" data-e-type=\"container\">\n\t\t\t\t\t<div class=\"e-con-inner\">\n\t\t\t\t<div class=\"elementor-element elementor-element-6a35b25 elementor-widget elementor-widget-text-editor\" data-id=\"6a35b25\" data-element_type=\"widget\" data-e-type=\"widget\" data-widget_type=\"text-editor.default\">\n\t\t\t\t<div class=\"elementor-widget-container\">\n\t\t\t\t\t\t\t\t\t<p><span style=\"font-weight: 400;\">Les frais de retour suivant la r\u00e9tractation ou pour erreurs commises par l\u2019Acheteur lors du passage de sa commande, \u00e9change volontaire seront \u00e0 la charge de l\u2019Acheteur.<\/span><\/p><p><span style=\"font-weight: 400;\">L\u2019acheteur est pri\u00e9 de nous contacter pour qu\u2019on puisse lui fournir les informations de retour.<\/span><\/p><p><span style=\"font-weight: 400;\">Les produits devront \u00eatre retourn\u00e9s dans leur \u00e9tat d\u2019origine, prot\u00e9g\u00e9s ou emball\u00e9s dans leur emballage d\u2019origine. La responsabilit\u00e9 de l\u2019Acheteur pourra \u00eatre engag\u00e9e par la Soci\u00e9t\u00e9 en cas de d\u00e9pr\u00e9ciations des produits r\u00e9sultant de manipulations autres que celles n\u00e9cessaires pour \u00e9tablir sa nature, ses caract\u00e9ristiques et son bon \u00e9tat.<\/span><\/p>\t\t\t\t\t\t\t\t<\/div>\n\t\t\t\t<\/div>\n\t\t\t\t\t<\/div>\n\t\t\t\t<\/div>\n\t\t<div class=\"elementor-element elementor-element-12a67ec e-flex e-con-boxed e-con e-parent\" data-id=\"12a67ec\" data-element_type=\"container\" data-e-type=\"container\">\n\t\t\t\t\t<div class=\"e-con-inner\">\n\t\t\t\t<div class=\"elementor-element elementor-element-4dd1357 elementor-widget elementor-widget-heading\" data-id=\"4dd1357\" data-element_type=\"widget\" data-e-type=\"widget\" data-widget_type=\"heading.default\">\n\t\t\t\t<div class=\"elementor-widget-container\">\n\t\t\t\t\t<h2 class=\"elementor-heading-title elementor-size-default\">Article 8 \u2013 R\u00e9serve de propri\u00e9t\u00e9<\/h2>\t\t\t\t<\/div>\n\t\t\t\t<\/div>\n\t\t\t\t\t<\/div>\n\t\t\t\t<\/div>\n\t\t<div class=\"elementor-element elementor-element-46cb553 e-flex e-con-boxed e-con e-parent\" data-id=\"46cb553\" data-element_type=\"container\" data-e-type=\"container\">\n\t\t\t\t\t<div class=\"e-con-inner\">\n\t\t\t\t<div class=\"elementor-element elementor-element-b2b1c43 elementor-widget elementor-widget-text-editor\" data-id=\"b2b1c43\" data-element_type=\"widget\" data-e-type=\"widget\" data-widget_type=\"text-editor.default\">\n\t\t\t\t<div class=\"elementor-widget-container\">\n\t\t\t\t\t\t\t\t\t<p><b>Lab\u00e9ma Cosmetics<\/b><span style=\"font-weight: 400;\"> conserve la propri\u00e9t\u00e9 pleine et enti\u00e8re des produits vendus jusqu\u2019au parfait encaissement du prix int\u00e9gral, en principal, frais, taxes et contributions obligatoires compris.<\/span><\/p>\t\t\t\t\t\t\t\t<\/div>\n\t\t\t\t<\/div>\n\t\t\t\t\t<\/div>\n\t\t\t\t<\/div>\n\t\t<div class=\"elementor-element elementor-element-2445ffe e-flex e-con-boxed e-con e-parent\" data-id=\"2445ffe\" data-element_type=\"container\" data-e-type=\"container\">\n\t\t\t\t\t<div class=\"e-con-inner\">\n\t\t\t\t<div class=\"elementor-element elementor-element-21819e1 elementor-widget elementor-widget-heading\" data-id=\"21819e1\" data-element_type=\"widget\" data-e-type=\"widget\" data-widget_type=\"heading.default\">\n\t\t\t\t<div class=\"elementor-widget-container\">\n\t\t\t\t\t<h2 class=\"elementor-heading-title elementor-size-default\">Article 9 \u2013 Non-validit\u00e9 partielle<\/h2>\t\t\t\t<\/div>\n\t\t\t\t<\/div>\n\t\t\t\t\t<\/div>\n\t\t\t\t<\/div>\n\t\t<div class=\"elementor-element elementor-element-86653b9 e-flex e-con-boxed e-con e-parent\" data-id=\"86653b9\" data-element_type=\"container\" data-e-type=\"container\">\n\t\t\t\t\t<div class=\"e-con-inner\">\n\t\t\t\t<div class=\"elementor-element elementor-element-17d9d40 elementor-widget elementor-widget-text-editor\" data-id=\"17d9d40\" data-element_type=\"widget\" data-e-type=\"widget\" data-widget_type=\"text-editor.default\">\n\t\t\t\t<div class=\"elementor-widget-container\">\n\t\t\t\t\t\t\t\t\t<p><span style=\"font-weight: 400;\">Si une ou plusieurs stipulations des pr\u00e9sentes Conditions G\u00e9n\u00e9rales de Vente sont tenues pour non valides ou d\u00e9clar\u00e9es comme telles en application d\u2019une loi, d\u2019un r\u00e8glement ou \u00e0 la suite d\u2019une d\u00e9cision d\u00e9finitive d\u2019une juridiction comp\u00e9tente, les autres stipulations garderont toute leur force et leur port\u00e9e.<\/span><\/p>\t\t\t\t\t\t\t\t<\/div>\n\t\t\t\t<\/div>\n\t\t\t\t\t<\/div>\n\t\t\t\t<\/div>\n\t\t<div class=\"elementor-element elementor-element-e166676 e-flex e-con-boxed e-con e-parent\" data-id=\"e166676\" data-element_type=\"container\" data-e-type=\"container\">\n\t\t\t\t\t<div class=\"e-con-inner\">\n\t\t\t\t<div class=\"elementor-element elementor-element-3fcadb5 elementor-widget elementor-widget-heading\" data-id=\"3fcadb5\" data-element_type=\"widget\" data-e-type=\"widget\" data-widget_type=\"heading.default\">\n\t\t\t\t<div class=\"elementor-widget-container\">\n\t\t\t\t\t<h2 class=\"elementor-heading-title elementor-size-default\">Article 10 \u2013 Non-renonciation<\/h2>\t\t\t\t<\/div>\n\t\t\t\t<\/div>\n\t\t\t\t\t<\/div>\n\t\t\t\t<\/div>\n\t\t<div class=\"elementor-element elementor-element-4509828 e-flex e-con-boxed e-con e-parent\" data-id=\"4509828\" data-element_type=\"container\" data-e-type=\"container\">\n\t\t\t\t\t<div class=\"e-con-inner\">\n\t\t\t\t<div class=\"elementor-element elementor-element-928ffc4 elementor-widget elementor-widget-text-editor\" data-id=\"928ffc4\" data-element_type=\"widget\" data-e-type=\"widget\" data-widget_type=\"text-editor.default\">\n\t\t\t\t<div class=\"elementor-widget-container\">\n\t\t\t\t\t\t\t\t\t<p><span style=\"font-weight: 400;\">Le fait pour l\u2019une des parties de ne pas se pr\u00e9valoir aupr\u00e8s de l\u2019autre partie d\u2019un manquement \u00e0 l\u2019une quelconque des obligations vis\u00e9es au sein des pr\u00e9sentes Conditions G\u00e9n\u00e9rales de Vente ne saurait \u00eatre interpr\u00e9t\u00e9 pour l\u2019avenir comme une renonciation \u00e0 l\u2019obligation en cause.<\/span><\/p>\t\t\t\t\t\t\t\t<\/div>\n\t\t\t\t<\/div>\n\t\t\t\t\t<\/div>\n\t\t\t\t<\/div>\n\t\t<div class=\"elementor-element elementor-element-7ada211 e-flex e-con-boxed e-con e-parent\" data-id=\"7ada211\" data-element_type=\"container\" data-e-type=\"container\">\n\t\t\t\t\t<div class=\"e-con-inner\">\n\t\t\t\t<div class=\"elementor-element elementor-element-e2072e1 elementor-widget elementor-widget-heading\" data-id=\"e2072e1\" data-element_type=\"widget\" data-e-type=\"widget\" data-widget_type=\"heading.default\">\n\t\t\t\t<div class=\"elementor-widget-container\">\n\t\t\t\t\t<h2 class=\"elementor-heading-title elementor-size-default\">Article 11 \u2013 \u201cInformatique et Libert\u00e9s\u201d<\/h2>\t\t\t\t<\/div>\n\t\t\t\t<\/div>\n\t\t\t\t\t<\/div>\n\t\t\t\t<\/div>\n\t\t<div class=\"elementor-element elementor-element-3a35a13 e-flex e-con-boxed e-con e-parent\" data-id=\"3a35a13\" data-element_type=\"container\" data-e-type=\"container\">\n\t\t\t\t\t<div class=\"e-con-inner\">\n\t\t\t\t<div class=\"elementor-element elementor-element-bbee991 elementor-widget elementor-widget-text-editor\" data-id=\"bbee991\" data-element_type=\"widget\" data-e-type=\"widget\" data-widget_type=\"text-editor.default\">\n\t\t\t\t<div class=\"elementor-widget-container\">\n\t\t\t\t\t\t\t\t\t<p><span style=\"font-weight: 400;\">Dans le cadre de leurs relations contractuelles, <\/span><b>Lab\u00e9ma Cosmetics<\/b><span style=\"font-weight: 400;\"> s\u2019engage \u00e0 respecter la Loi informatique relative au traitement des donn\u00e9es \u00e0 caract\u00e8re personnel des personnes physiques ainsi que toutes les recommandations et lignes directrices \u00e9dict\u00e9es par les autorit\u00e9s comp\u00e9tentes en mati\u00e8re de protection des donn\u00e9es personnelles.<\/span><\/p><p><span style=\"font-weight: 400;\">L\u2019ex\u00e9cution du Contrat entra\u00eene le traitement de Donn\u00e9es Personnelles par <\/span><b>Lab\u00e9ma Cosmetics <\/b><span style=\"font-weight: 400;\">aux fins de la gestion de la relation contractuelle entre les Parties.<\/span><\/p><p><span style=\"font-weight: 400;\">Ces traitements sont soumis \u00e0 la R\u00e9glementation sur les Donn\u00e9es Personnelles. <\/span><b>Lab\u00e9ma Cosmetics<\/b><span style=\"font-weight: 400;\"> d\u00e9clare conna\u00eetre les droits et obligations de chacune des Parties, r\u00e9sultant de la R\u00e9glementation sur les Donn\u00e9es Personnelles aux traitements de Donn\u00e9es Personnelles mis en \u0153uvre dans le cadre de l\u2019ex\u00e9cution du Contrat.<\/span><\/p><p><b>Lab\u00e9ma Cosmetics <\/b><span style=\"font-weight: 400;\">s\u2019engage \u00e0 collecter, traiter, utiliser et transf\u00e9rer les Donn\u00e9es Personnelles dans le respect de la R\u00e9glementation sur les Donn\u00e9es Personnelles et notamment \u00e0 traiter les Donn\u00e9es Personnelles de mani\u00e8re loyale et l\u00e9gale en toutes circonstances.<\/span><\/p><p><b>Lab\u00e9ma Cosmetics<\/b><span style=\"font-weight: 400;\"> d\u00e9clare avoir respect\u00e9 toutes ses obligations l\u00e9gales \u00e0 cet \u00e9gard et s\u2019engagent \u00e0 les respecter pendant toute la dur\u00e9e du Contrat, et notamment proc\u00e9der \u00e0 toute d\u00e9claration aupr\u00e8s des autorit\u00e9s en charge de la protection des donn\u00e9es ou des personnes concern\u00e9es et\/ou obtenir aupr\u00e8s des dites autorit\u00e9s et des personnes concern\u00e9es toute autorisation n\u00e9cessaire, dans le cadre de la collecte et du traitement de Donn\u00e9es Personnelles aux fins de la gestion de la relation commerciale.<\/span><\/p>\t\t\t\t\t\t\t\t<\/div>\n\t\t\t\t<\/div>\n\t\t\t\t\t<\/div>\n\t\t\t\t<\/div>\n\t\t<div class=\"elementor-element elementor-element-986b8c9 e-flex e-con-boxed e-con e-parent\" data-id=\"986b8c9\" data-element_type=\"container\" data-e-type=\"container\">\n\t\t\t\t\t<div class=\"e-con-inner\">\n\t\t\t\t<div class=\"elementor-element elementor-element-7453fd7 elementor-widget elementor-widget-heading\" data-id=\"7453fd7\" data-element_type=\"widget\" data-e-type=\"widget\" data-widget_type=\"heading.default\">\n\t\t\t\t<div class=\"elementor-widget-container\">\n\t\t\t\t\t<h2 class=\"elementor-heading-title elementor-size-default\">Article 12 \u2013 Service de m\u00e9diation<\/h2>\t\t\t\t<\/div>\n\t\t\t\t<\/div>\n\t\t\t\t\t<\/div>\n\t\t\t\t<\/div>\n\t\t<div class=\"elementor-element elementor-element-8f27a4b e-flex e-con-boxed e-con e-parent\" data-id=\"8f27a4b\" data-element_type=\"container\" data-e-type=\"container\">\n\t\t\t\t\t<div class=\"e-con-inner\">\n\t\t\t\t<div class=\"elementor-element elementor-element-55b984a elementor-widget elementor-widget-text-editor\" data-id=\"55b984a\" data-element_type=\"widget\" data-e-type=\"widget\" data-widget_type=\"text-editor.default\">\n\t\t\t\t<div class=\"elementor-widget-container\">\n\t\t\t\t\t\t\t\t\t<p><span style=\"font-weight: 400;\">Pour toute question relative au suivi d\u2019une Commande, \u00e0 un retour, \u00e0 une r\u00e9clamation relative \u00e0 une Commande ou tout renseignement compl\u00e9mentaire, le Service Clients de <\/span><b>Lab\u00e9ma Cosmetics<\/b><span style=\"font-weight: 400;\"> est joignable par mail \u00e0 <\/span><a href=\"mailto:contact@labemacosmetics.com\"><span style=\"font-weight: 400;\">contact@labemacosmetics.com<\/span><\/a><span style=\"font-weight: 400;\">\u00a0 aux heures d\u2019ouverture du service indiqu\u00e9es sur le site.<\/span><\/p>\t\t\t\t\t\t\t\t<\/div>\n\t\t\t\t<\/div>\n\t\t\t\t\t<\/div>\n\t\t\t\t<\/div>\n\t\t\t\t<\/div>","protected":false},"excerpt":{"rendered":"<p>Conditions G\u00e9n\u00e9rales de Vente Article 1 \u2013 Objet Les pr\u00e9sentes conditions g\u00e9n\u00e9rales de vente ont pour objet, d\u2019une part, d\u2019informer tout \u00e9ventuel consommateur sur les conditions et modalit\u00e9s dans lesquelles le vendeur (Lab\u00e9ma Cosmetics ) proc\u00e8de \u00e0 la vente et \u00e0 la livraison des produits command\u00e9s et, d\u2019autre part, de d\u00e9finir les droits et obligations [&hellip;]<\/p>\n","protected":false},"author":3,"featured_media":0,"parent":0,"menu_order":0,"comment_status":"closed","ping_status":"closed","template":"","meta":{"om_disable_all_campaigns":false,"_mi_skip_tracking":false,"_monsterinsights_sitenote_active":false,"_monsterinsights_sitenote_note":"","_monsterinsights_sitenote_category":0,"footnotes":""},"class_list":["post-8128","page","type-page","status-publish","hentry"],"yoast_head":"<!-- This site is optimized with the Yoast SEO Premium plugin v20.8 (Yoast SEO v27.4) - https:\/\/yoast.com\/product\/yoast-seo-premium-wordpress\/ -->\n<title>Conditions G\u00e9n\u00e9rales de Vente - Lab&eacute;ma Cosmetics<\/title>\n<meta name=\"robots\" content=\"index, follow, max-snippet:-1, max-image-preview:large, max-video-preview:-1\" \/>\n<link rel=\"canonical\" href=\"https:\/\/labemacosmetics.com\/en\/conditions-generales-de-vente\/\" \/>\n<meta property=\"og:locale\" content=\"en_GB\" \/>\n<meta property=\"og:type\" content=\"article\" \/>\n<meta property=\"og:title\" content=\"Conditions G\u00e9n\u00e9rales de Vente\" \/>\n<meta property=\"og:description\" content=\"Conditions G\u00e9n\u00e9rales de Vente Article 1 \u2013 Objet Les pr\u00e9sentes conditions g\u00e9n\u00e9rales de vente ont pour objet, d\u2019une part, d\u2019informer tout \u00e9ventuel consommateur sur les conditions et modalit\u00e9s dans lesquelles le vendeur (Lab\u00e9ma Cosmetics ) proc\u00e8de \u00e0 la vente et \u00e0 la livraison des produits command\u00e9s et, d\u2019autre part, de d\u00e9finir les droits et obligations [&hellip;]\" \/>\n<meta property=\"og:url\" content=\"https:\/\/labemacosmetics.com\/en\/conditions-generales-de-vente\/\" \/>\n<meta property=\"og:site_name\" content=\"Lab&eacute;ma Cosmetics\" \/>\n<meta property=\"article:publisher\" content=\"http:\/\/www.facebook.com\/labemacosmetics\" \/>\n<meta property=\"article:modified_time\" content=\"2023-05-22T20:37:19+00:00\" \/>\n<meta name=\"twitter:card\" content=\"summary_large_image\" \/>\n<meta name=\"twitter:site\" content=\"@Labemasn\" \/>\n<meta name=\"twitter:label1\" content=\"Estimated reading time\" \/>\n\t<meta name=\"twitter:data1\" content=\"11 minutes\" \/>\n<script type=\"application\/ld+json\" class=\"yoast-schema-graph\">{\"@context\":\"https:\\\/\\\/schema.org\",\"@graph\":[{\"@type\":\"WebPage\",\"@id\":\"https:\\\/\\\/labemacosmetics.com\\\/conditions-generales-de-vente\\\/\",\"url\":\"https:\\\/\\\/labemacosmetics.com\\\/conditions-generales-de-vente\\\/\",\"name\":\"Conditions G\u00e9n\u00e9rales de Vente - Lab&eacute;ma Cosmetics\",\"isPartOf\":{\"@id\":\"https:\\\/\\\/labemacosmetics.com\\\/#website\"},\"datePublished\":\"2023-05-19T10:54:12+00:00\",\"dateModified\":\"2023-05-22T20:37:19+00:00\",\"breadcrumb\":{\"@id\":\"https:\\\/\\\/labemacosmetics.com\\\/conditions-generales-de-vente\\\/#breadcrumb\"},\"inLanguage\":\"en-GB\",\"potentialAction\":[{\"@type\":\"ReadAction\",\"target\":[\"https:\\\/\\\/labemacosmetics.com\\\/conditions-generales-de-vente\\\/\"]}]},{\"@type\":\"BreadcrumbList\",\"@id\":\"https:\\\/\\\/labemacosmetics.com\\\/conditions-generales-de-vente\\\/#breadcrumb\",\"itemListElement\":[{\"@type\":\"ListItem\",\"position\":1,\"name\":\"Accueil\",\"item\":\"https:\\\/\\\/labemacosmetics.com\\\/\"},{\"@type\":\"ListItem\",\"position\":2,\"name\":\"Conditions G\u00e9n\u00e9rales de Vente\"}]},{\"@type\":\"WebSite\",\"@id\":\"https:\\\/\\\/labemacosmetics.com\\\/#website\",\"url\":\"https:\\\/\\\/labemacosmetics.com\\\/\",\"name\":\"Lab&eacute;ma Cosmetics\",\"description\":\"\",\"potentialAction\":[{\"@type\":\"SearchAction\",\"target\":{\"@type\":\"EntryPoint\",\"urlTemplate\":\"https:\\\/\\\/labemacosmetics.com\\\/?s={search_term_string}\"},\"query-input\":{\"@type\":\"PropertyValueSpecification\",\"valueRequired\":true,\"valueName\":\"search_term_string\"}}],\"inLanguage\":\"en-GB\"}]}<\/script>\n<!-- \/ Yoast SEO Premium plugin. -->","yoast_head_json":{"title":"Conditions G\u00e9n\u00e9rales de Vente - Lab&eacute;ma Cosmetics","robots":{"index":"index","follow":"follow","max-snippet":"max-snippet:-1","max-image-preview":"max-image-preview:large","max-video-preview":"max-video-preview:-1"},"canonical":"https:\/\/labemacosmetics.com\/en\/conditions-generales-de-vente\/","og_locale":"en_GB","og_type":"article","og_title":"Conditions G\u00e9n\u00e9rales de Vente","og_description":"Conditions G\u00e9n\u00e9rales de Vente Article 1 \u2013 Objet Les pr\u00e9sentes conditions g\u00e9n\u00e9rales de vente ont pour objet, d\u2019une part, d\u2019informer tout \u00e9ventuel consommateur sur les conditions et modalit\u00e9s dans lesquelles le vendeur (Lab\u00e9ma Cosmetics ) proc\u00e8de \u00e0 la vente et \u00e0 la livraison des produits command\u00e9s et, d\u2019autre part, de d\u00e9finir les droits et obligations [&hellip;]","og_url":"https:\/\/labemacosmetics.com\/en\/conditions-generales-de-vente\/","og_site_name":"Lab&eacute;ma Cosmetics","article_publisher":"http:\/\/www.facebook.com\/labemacosmetics","article_modified_time":"2023-05-22T20:37:19+00:00","twitter_card":"summary_large_image","twitter_site":"@Labemasn","twitter_misc":{"Estimated reading time":"11 minutes"},"schema":{"@context":"https:\/\/schema.org","@graph":[{"@type":"WebPage","@id":"https:\/\/labemacosmetics.com\/conditions-generales-de-vente\/","url":"https:\/\/labemacosmetics.com\/conditions-generales-de-vente\/","name":"Conditions G\u00e9n\u00e9rales de Vente - Lab&eacute;ma Cosmetics","isPartOf":{"@id":"https:\/\/labemacosmetics.com\/#website"},"datePublished":"2023-05-19T10:54:12+00:00","dateModified":"2023-05-22T20:37:19+00:00","breadcrumb":{"@id":"https:\/\/labemacosmetics.com\/conditions-generales-de-vente\/#breadcrumb"},"inLanguage":"en-GB","potentialAction":[{"@type":"ReadAction","target":["https:\/\/labemacosmetics.com\/conditions-generales-de-vente\/"]}]},{"@type":"BreadcrumbList","@id":"https:\/\/labemacosmetics.com\/conditions-generales-de-vente\/#breadcrumb","itemListElement":[{"@type":"ListItem","position":1,"name":"Accueil","item":"https:\/\/labemacosmetics.com\/"},{"@type":"ListItem","position":2,"name":"Conditions G\u00e9n\u00e9rales de Vente"}]},{"@type":"WebSite","@id":"https:\/\/labemacosmetics.com\/#website","url":"https:\/\/labemacosmetics.com\/","name":"Lab&eacute;ma Cosmetics","description":"","potentialAction":[{"@type":"SearchAction","target":{"@type":"EntryPoint","urlTemplate":"https:\/\/labemacosmetics.com\/?s={search_term_string}"},"query-input":{"@type":"PropertyValueSpecification","valueRequired":true,"valueName":"search_term_string"}}],"inLanguage":"en-GB"}]}},"_links":{"self":[{"href":"https:\/\/labemacosmetics.com\/en\/wp-json\/wp\/v2\/pages\/8128","targetHints":{"allow":["GET"]}}],"collection":[{"href":"https:\/\/labemacosmetics.com\/en\/wp-json\/wp\/v2\/pages"}],"about":[{"href":"https:\/\/labemacosmetics.com\/en\/wp-json\/wp\/v2\/types\/page"}],"author":[{"embeddable":true,"href":"https:\/\/labemacosmetics.com\/en\/wp-json\/wp\/v2\/users\/3"}],"replies":[{"embeddable":true,"href":"https:\/\/labemacosmetics.com\/en\/wp-json\/wp\/v2\/comments?post=8128"}],"version-history":[{"count":0,"href":"https:\/\/labemacosmetics.com\/en\/wp-json\/wp\/v2\/pages\/8128\/revisions"}],"wp:attachment":[{"href":"https:\/\/labemacosmetics.com\/en\/wp-json\/wp\/v2\/media?parent=8128"}],"curies":[{"name":"wp","href":"https:\/\/api.w.org\/{rel}","templated":true}]}}